{"id":1105,"date":"2024-05-10T13:34:35","date_gmt":"2024-05-10T16:34:35","guid":{"rendered":"https:\/\/gpasociados.cl\/?page_id=1105"},"modified":"2024-05-10T13:57:05","modified_gmt":"2024-05-10T16:57:05","slug":"interdiccion-por-demencia","status":"publish","type":"page","link":"https:\/\/gpasociados.cl\/index.php\/interdiccion-por-demencia\/","title":{"rendered":"Interdicci\u00f3n por Demencia"},"content":{"rendered":"\t\t<div data-elementor-type=\"wp-page\" data-elementor-id=\"1105\" class=\"elementor elementor-1105\">\n\t\t\t\t<div class=\"elementor-element elementor-element-a824218 e-flex e-con-boxed e-con e-parent\" data-id=\"a824218\" data-element_type=\"container\">\n\t\t\t\t\t<div class=\"e-con-inner\">\n\t\t<div class=\"elementor-element elementor-element-5176ebe e-flex e-con-boxed e-con e-child\" data-id=\"5176ebe\" data-element_type=\"container\" data-settings=\"{&quot;background_background&quot;:&quot;classic&quot;}\">\n\t\t\t\t\t<div class=\"e-con-inner\">\n\t\t\t\t<div class=\"elementor-element elementor-element-4d72f7b elementor-widget elementor-widget-image\" data-id=\"4d72f7b\" data-element_type=\"widget\" data-widget_type=\"image.default\">\n\t\t\t\t<div class=\"elementor-widget-container\">\n\t\t\t\t\t\t\t\t\t\t\t\t\t\t\t<img fetchpriority=\"high\" decoding=\"async\" width=\"1638\" height=\"843\" src=\"https:\/\/gpasociados.cl\/wp-content\/uploads\/2024\/05\/andreea-popa-tmEUmG9K2r0-unsplash-1638x2048-1.png\" class=\"attachment-full size-full wp-image-1140\" alt=\"\" srcset=\"https:\/\/gpasociados.cl\/wp-content\/uploads\/2024\/05\/andreea-popa-tmEUmG9K2r0-unsplash-1638x2048-1.png 1638w, https:\/\/gpasociados.cl\/wp-content\/uploads\/2024\/05\/andreea-popa-tmEUmG9K2r0-unsplash-1638x2048-1-300x154.png 300w, https:\/\/gpasociados.cl\/wp-content\/uploads\/2024\/05\/andreea-popa-tmEUmG9K2r0-unsplash-1638x2048-1-1024x527.png 1024w, https:\/\/gpasociados.cl\/wp-content\/uploads\/2024\/05\/andreea-popa-tmEUmG9K2r0-unsplash-1638x2048-1-768x395.png 768w, https:\/\/gpasociados.cl\/wp-content\/uploads\/2024\/05\/andreea-popa-tmEUmG9K2r0-unsplash-1638x2048-1-1536x791.png 1536w\" sizes=\"(max-width: 1638px) 100vw, 1638px\" \/>\t\t\t\t\t\t\t\t\t\t\t\t\t\t\t<\/div>\n\t\t\t\t<\/div>\n\t\t\t\t<div class=\"elementor-element elementor-element-b129199 elementor-widget elementor-widget-heading\" data-id=\"b129199\" data-element_type=\"widget\" data-widget_type=\"heading.default\">\n\t\t\t\t<div class=\"elementor-widget-container\">\n\t\t\t\t\t<h2 class=\"elementor-heading-title elementor-size-default\">Interdicci\u00f3n Por Demencia<\/h2>\t\t\t\t<\/div>\n\t\t\t\t<\/div>\n\t\t\t\t<div class=\"elementor-element elementor-element-7422bb2 elementor-widget elementor-widget-text-editor\" data-id=\"7422bb2\" data-element_type=\"widget\" data-widget_type=\"text-editor.default\">\n\t\t\t\t<div class=\"elementor-widget-container\">\n\t\t\t\t\t\t\t\t\t<p>Comencemos con la definici\u00f3n de Interdicci\u00f3n por Demencia (con la actualizaci\u00f3n del <a href=\"https:\/\/www.bcn.cl\/leychile\/navegar?idNorma=29991\">c\u00f3digo civil <\/a>esta ha sido cambiada a discapacidad mental). Es una declaraci\u00f3n que busca demostrar que una persona esta incapacitada para manejar sus propios bienes.<\/p><p>Nadie puede ser interdicto sin la declaraci\u00f3n del Juez.<\/p><p>Este tr\u00e1mite tiene el objetivo de proteger los bienes del interdicto. Se nombra a un curador que administre y proteja los bienes a beneficio del interdicto.<\/p>\t\t\t\t\t\t\t\t<\/div>\n\t\t\t\t<\/div>\n\t\t\t\t<div class=\"elementor-element elementor-element-f09dc19 elementor-widget elementor-widget-heading\" data-id=\"f09dc19\" data-element_type=\"widget\" data-widget_type=\"heading.default\">\n\t\t\t\t<div class=\"elementor-widget-container\">\n\t\t\t\t\t<h2 class=\"elementor-heading-title elementor-size-default\">Proceso de Interdicci\u00f3n contencioso por demencia o discapacidad mental<\/h2>\t\t\t\t<\/div>\n\t\t\t\t<\/div>\n\t\t\t\t<div class=\"elementor-element elementor-element-3c42840 elementor-widget elementor-widget-text-editor\" data-id=\"3c42840\" data-element_type=\"widget\" data-widget_type=\"text-editor.default\">\n\t\t\t\t<div class=\"elementor-widget-container\">\n\t\t\t\t\t\t\t\t\t<p>El proceso hoy consiste en dos etapas para este tipo de tr\u00e1mite:<\/p><ul><li>Etapa Administrativa: Habla de obtener la certificaci\u00f3n de discapacidad mental. La calificaci\u00f3n de la incapacidad la debe dar el COMPIN e instituciones privadas o p\u00fablicas reconocidas por el ministerio de salud.<\/li><li>Etapa judicial: El juez da la sentencia y se define un curador que administre los bienes del interdicto para el beneficio de este.<\/li><\/ul>\t\t\t\t\t\t\t\t<\/div>\n\t\t\t\t<\/div>\n\t\t\t\t<div class=\"elementor-element elementor-element-60dccab elementor-widget elementor-widget-heading\" data-id=\"60dccab\" data-element_type=\"widget\" data-widget_type=\"heading.default\">\n\t\t\t\t<div class=\"elementor-widget-container\">\n\t\t\t\t\t<h2 class=\"elementor-heading-title elementor-size-default\">Proceso de Interdicci\u00f3n voluntario por demencia o discapacidad mental<\/h2>\t\t\t\t<\/div>\n\t\t\t\t<\/div>\n\t\t\t\t<div class=\"elementor-element elementor-element-3c6c254 elementor-widget elementor-widget-text-editor\" data-id=\"3c6c254\" data-element_type=\"widget\" data-widget_type=\"text-editor.default\">\n\t\t\t\t<div class=\"elementor-widget-container\">\n\t\t\t\t\t\t\t\t\t<p>En la etapa judicial el tribunal cita al supuesto interdicto y se le hacen preguntas de distinto tipo para ver si califica para una interdicci\u00f3n. Todas estas preguntas y pruebas no son ex\u00e1menes profundos de m\u00e9dicos especializados en el tema, son preguntas que hablan del contexto en el que la persona esta. Estas preguntas pueden ser sobre: su nombre, apellidos, fecha, cumplea\u00f1os, que hace en el lugar.<\/p><p>Durante todo el proceso la persona que solicito el tr\u00e1mite puede pedir que se cite a parientes cercanos para que declaren.<\/p><p>Despu\u00e9s de este proceso el juez puede evaluar la situaci\u00f3n y dar la sentencia.<\/p>\t\t\t\t\t\t\t\t<\/div>\n\t\t\t\t<\/div>\n\t\t\t\t<div class=\"elementor-element elementor-element-77ec8e8 elementor-widget elementor-widget-heading\" data-id=\"77ec8e8\" data-element_type=\"widget\" data-widget_type=\"heading.default\">\n\t\t\t\t<div class=\"elementor-widget-container\">\n\t\t\t\t\t<h2 class=\"elementor-heading-title elementor-size-default\">\u00bfNecesito un abogado para hacer el proceso de Interdicci\u00f3n?<\/h2>\t\t\t\t<\/div>\n\t\t\t\t<\/div>\n\t\t\t\t<div class=\"elementor-element elementor-element-20bfb72 elementor-widget elementor-widget-text-editor\" data-id=\"20bfb72\" data-element_type=\"widget\" data-widget_type=\"text-editor.default\">\n\t\t\t\t<div class=\"elementor-widget-container\">\n\t\t\t\t\t\t\t\t\t<p>Si, para pedir una declaraci\u00f3n de interdicci\u00f3n judicial requieres el respaldo de un abogado profesional que puede ayudarte con todo el tr\u00e1mite.<\/p><p>Si necesitas ayuda con este tipo de caso o deseas saber m\u00e1s puedes ir directamente a: <a href=\"https:\/\/gpasociados.cl\/interdiccion\/\">Interdicci\u00f3n<\/a>. Tambi\u00e9n puedes dirigirte a<a href=\"https:\/\/gpasociados.cl\/\"> GP Asociados<\/a> para obtener ayuda sobre este y otros temas que podr\u00edan servirte.<\/p>\t\t\t\t\t\t\t\t<\/div>\n\t\t\t\t<\/div>\n\t\t\t\t\t<\/div>\n\t\t\t\t<\/div>\n\t\t<div class=\"elementor-element elementor-element-9538e2b e-flex e-con-boxed e-con e-child\" data-id=\"9538e2b\" data-element_type=\"container\">\n\t\t\t\t\t<div class=\"e-con-inner\">\n\t\t\t\t<div class=\"elementor-element elementor-element-2706c72 elementor-widget__width-initial elementor-widget elementor-widget-heading\" data-id=\"2706c72\" data-element_type=\"widget\" data-widget_type=\"heading.default\">\n\t\t\t\t<div class=\"elementor-widget-container\">\n\t\t\t\t\t<h2 class=\"elementor-heading-title elementor-size-default\">Obt\u00e9n la ayuda que necesitas con solo rellenar este formulario<\/h2>\t\t\t\t<\/div>\n\t\t\t\t<\/div>\n\t\t\t\t<div class=\"elementor-element elementor-element-f6af856 elementor-widget elementor-widget-text-editor\" data-id=\"f6af856\" data-element_type=\"widget\" data-widget_type=\"text-editor.default\">\n\t\t\t\t<div class=\"elementor-widget-container\">\n\t\t\t\t\t\t\t\t\t<h6 class=\"elementor-heading-title elementor-size-default\">Nuestros abogados te responder\u00e1n a la brevedad.<\/h6>\t\t\t\t\t\t\t\t<\/div>\n\t\t\t\t<\/div>\n\t\t\t\t<div class=\"elementor-element elementor-element-1a8fe86 elementor-widget elementor-widget-text-editor\" data-id=\"1a8fe86\" data-element_type=\"widget\" data-widget_type=\"text-editor.default\">\n\t\t\t\t<div class=\"elementor-widget-container\">\n\t\t\t\t\t\t\t\t\t<h6 class=\"elementor-heading-title elementor-size-default\">O si prefieres tambi\u00e9n puedes llamarnos.<\/h6>\t\t\t\t\t\t\t\t<\/div>\n\t\t\t\t<\/div>\n\t\t\t\t<div class=\"elementor-element elementor-element-2745206 elementor-widget__width-initial elementor-widget elementor-widget-heading\" data-id=\"2745206\" data-element_type=\"widget\" data-widget_type=\"heading.default\">\n\t\t\t\t<div class=\"elementor-widget-container\">\n\t\t\t\t\t<h2 class=\"elementor-heading-title elementor-size-default\">\nN\u00famero: +56 2 3271 6425\n<\/h2>\t\t\t\t<\/div>\n\t\t\t\t<\/div>\n\t\t\t\t\t<\/div>\n\t\t\t\t<\/div>\n\t\t\t\t\t<\/div>\n\t\t\t\t<\/div>\n\t\t\t\t<\/div>\n\t\t","protected":false},"excerpt":{"rendered":"<p>Interdicci\u00f3n Por Demencia Comencemos con la definici\u00f3n de Interdicci\u00f3n por Demencia (con la actualizaci\u00f3n del c\u00f3digo civil esta ha sido [&hellip;]<\/p>\n","protected":false},"author":1,"featured_media":0,"parent":0,"menu_order":0,"comment_status":"closed","ping_status":"closed","template":"","meta":{"site-sidebar-layout":"no-sidebar","site-content-layout":"","ast-site-content-layout":"full-width-container","site-content-style":"default","site-sidebar-style":"default","ast-global-header-display":"","ast-banner-title-visibility":"","ast-main-header-display":"","ast-hfb-above-header-display":"","ast-hfb-below-header-display":"","ast-hfb-mobile-header-display":"","site-post-title":"disabled","ast-breadcrumbs-content":"","ast-featured-img":"disabled","footer-sml-layout":"","theme-transparent-header-meta":"","adv-header-id-meta":"","stick-header-meta":"","header-above-stick-meta":"","header-main-stick-meta":"","header-below-stick-meta":"","astra-migrate-meta-layouts":"default","ast-page-background-enabled":"default","ast-page-background-meta":{"desktop":{"background-color":"var(--ast-global-color-4)","background-image":"","background-repeat":"repeat","background-position":"center center","background-size":"auto","background-attachment":"scroll","background-type":"","background-media":"","overlay-type":"","overlay-color":"","overlay-opacity":"","overlay-gradient":""},"tablet":{"background-color":"","background-image":"","background-repeat":"repeat","background-position":"center center","background-size":"auto","background-attachment":"scroll","background-type":"","background-media":"","overlay-type":"","overlay-color":"","overlay-opacity":"","overlay-gradient":""},"mobile":{"background-color":"","background-image":"","background-repeat":"repeat","background-position":"center center","background-size":"auto","background-attachment":"scroll","background-type":"","background-media":"","overlay-type":"","overlay-color":"","overlay-opacity":"","overlay-gradient":""}},"ast-content-background-meta":{"desktop":{"background-color":"var(--ast-global-color-5)","background-image":"","background-repeat":"repeat","background-position":"center center","background-size":"auto","background-attachment":"scroll","background-type":"","background-media":"","overlay-type":"","overlay-color":"","overlay-opacity":"","overlay-gradient":""},"tablet":{"background-color":"var(--ast-global-color-5)","background-image":"","background-repeat":"repeat","background-position":"center center","background-size":"auto","background-attachment":"scroll","background-type":"","background-media":"","overlay-type":"","overlay-color":"","overlay-opacity":"","overlay-gradient":""},"mobile":{"background-color":"var(--ast-global-color-5)","background-image":"","background-repeat":"repeat","background-position":"center center","background-size":"auto","background-attachment":"scroll","background-type":"","background-media":"","overlay-type":"","overlay-color":"","overlay-opacity":"","overlay-gradient":""}},"footnotes":""},"class_list":["post-1105","page","type-page","status-publish","hentry"],"yoast_head":"<!-- This site is optimized with the Yoast SEO plugin v26.0 - https:\/\/yoast.com\/wordpress\/plugins\/seo\/ -->\n<title>Interdicci\u00f3n por Demencia - GP asociados - Estudio jur\u00eddico<\/title>\n<meta name=\"robots\" content=\"index, follow, max-snippet:-1, max-image-preview:large, max-video-preview:-1\" \/>\n<link rel=\"canonical\" href=\"https:\/\/gpasociados.cl\/index.php\/interdiccion-por-demencia\/\" \/>\n<meta property=\"og:locale\" content=\"es_ES\" \/>\n<meta property=\"og:type\" content=\"article\" \/>\n<meta property=\"og:title\" content=\"Interdicci\u00f3n por Demencia - GP asociados - Estudio jur\u00eddico\" \/>\n<meta property=\"og:description\" content=\"Interdicci\u00f3n Por Demencia Comencemos con la definici\u00f3n de Interdicci\u00f3n por Demencia (con la actualizaci\u00f3n del c\u00f3digo civil esta ha sido [&hellip;]\" \/>\n<meta property=\"og:url\" content=\"https:\/\/gpasociados.cl\/index.php\/interdiccion-por-demencia\/\" \/>\n<meta property=\"og:site_name\" content=\"GP asociados - Estudio jur\u00eddico\" \/>\n<meta property=\"article:modified_time\" content=\"2024-05-10T16:57:05+00:00\" \/>\n<meta property=\"og:image\" content=\"https:\/\/gpasociados.cl\/wp-content\/uploads\/2024\/05\/andreea-popa-tmEUmG9K2r0-unsplash-1638x2048-1.png\" \/>\n<meta name=\"twitter:card\" content=\"summary_large_image\" \/>\n<meta name=\"twitter:label1\" content=\"Tiempo estimado de lectura\" \/>\n\t<meta name=\"twitter:data1\" content=\"2 minutos\" \/>\n<script type=\"application\/ld+json\" class=\"yoast-schema-graph\">{\"@context\":\"https:\/\/schema.org\",\"@graph\":[{\"@type\":\"WebPage\",\"@id\":\"https:\/\/gpasociados.cl\/index.php\/interdiccion-por-demencia\/\",\"url\":\"https:\/\/gpasociados.cl\/index.php\/interdiccion-por-demencia\/\",\"name\":\"Interdicci\u00f3n por Demencia - GP asociados - Estudio jur\u00eddico\",\"isPartOf\":{\"@id\":\"https:\/\/gpasociados.cl\/#website\"},\"primaryImageOfPage\":{\"@id\":\"https:\/\/gpasociados.cl\/index.php\/interdiccion-por-demencia\/#primaryimage\"},\"image\":{\"@id\":\"https:\/\/gpasociados.cl\/index.php\/interdiccion-por-demencia\/#primaryimage\"},\"thumbnailUrl\":\"https:\/\/gpasociados.cl\/wp-content\/uploads\/2024\/05\/andreea-popa-tmEUmG9K2r0-unsplash-1638x2048-1.png\",\"datePublished\":\"2024-05-10T16:34:35+00:00\",\"dateModified\":\"2024-05-10T16:57:05+00:00\",\"breadcrumb\":{\"@id\":\"https:\/\/gpasociados.cl\/index.php\/interdiccion-por-demencia\/#breadcrumb\"},\"inLanguage\":\"es-CL\",\"potentialAction\":[{\"@type\":\"ReadAction\",\"target\":[\"https:\/\/gpasociados.cl\/index.php\/interdiccion-por-demencia\/\"]}]},{\"@type\":\"ImageObject\",\"inLanguage\":\"es-CL\",\"@id\":\"https:\/\/gpasociados.cl\/index.php\/interdiccion-por-demencia\/#primaryimage\",\"url\":\"https:\/\/gpasociados.cl\/wp-content\/uploads\/2024\/05\/andreea-popa-tmEUmG9K2r0-unsplash-1638x2048-1.png\",\"contentUrl\":\"https:\/\/gpasociados.cl\/wp-content\/uploads\/2024\/05\/andreea-popa-tmEUmG9K2r0-unsplash-1638x2048-1.png\",\"width\":1638,\"height\":843},{\"@type\":\"BreadcrumbList\",\"@id\":\"https:\/\/gpasociados.cl\/index.php\/interdiccion-por-demencia\/#breadcrumb\",\"itemListElement\":[{\"@type\":\"ListItem\",\"position\":1,\"name\":\"Portada\",\"item\":\"https:\/\/gpasociados.cl\/\"},{\"@type\":\"ListItem\",\"position\":2,\"name\":\"Interdicci\u00f3n por Demencia\"}]},{\"@type\":\"WebSite\",\"@id\":\"https:\/\/gpasociados.cl\/#website\",\"url\":\"https:\/\/gpasociados.cl\/\",\"name\":\"GP asociados - Estudio jur\u00eddico\",\"description\":\"\",\"publisher\":{\"@id\":\"https:\/\/gpasociados.cl\/#organization\"},\"potentialAction\":[{\"@type\":\"SearchAction\",\"target\":{\"@type\":\"EntryPoint\",\"urlTemplate\":\"https:\/\/gpasociados.cl\/?s={search_term_string}\"},\"query-input\":{\"@type\":\"PropertyValueSpecification\",\"valueRequired\":true,\"valueName\":\"search_term_string\"}}],\"inLanguage\":\"es-CL\"},{\"@type\":\"Organization\",\"@id\":\"https:\/\/gpasociados.cl\/#organization\",\"name\":\"GP asociados - Estudio jur\u00eddico\",\"url\":\"https:\/\/gpasociados.cl\/\",\"logo\":{\"@type\":\"ImageObject\",\"inLanguage\":\"es-CL\",\"@id\":\"https:\/\/gpasociados.cl\/#\/schema\/logo\/image\/\",\"url\":\"https:\/\/gpasociados.cl\/wp-content\/uploads\/2024\/05\/cropped-cropped-GP-Asociados-900300-224x75-1.png\",\"contentUrl\":\"https:\/\/gpasociados.cl\/wp-content\/uploads\/2024\/05\/cropped-cropped-GP-Asociados-900300-224x75-1.png\",\"width\":224,\"height\":74,\"caption\":\"GP asociados - Estudio jur\u00eddico\"},\"image\":{\"@id\":\"https:\/\/gpasociados.cl\/#\/schema\/logo\/image\/\"}}]}<\/script>\n<!-- \/ Yoast SEO plugin. -->","yoast_head_json":{"title":"Interdicci\u00f3n por Demencia - GP asociados - Estudio jur\u00eddico","robots":{"index":"index","follow":"follow","max-snippet":"max-snippet:-1","max-image-preview":"max-image-preview:large","max-video-preview":"max-video-preview:-1"},"canonical":"https:\/\/gpasociados.cl\/index.php\/interdiccion-por-demencia\/","og_locale":"es_ES","og_type":"article","og_title":"Interdicci\u00f3n por Demencia - GP asociados - Estudio jur\u00eddico","og_description":"Interdicci\u00f3n Por Demencia Comencemos con la definici\u00f3n de Interdicci\u00f3n por Demencia (con la actualizaci\u00f3n del c\u00f3digo civil esta ha sido [&hellip;]","og_url":"https:\/\/gpasociados.cl\/index.php\/interdiccion-por-demencia\/","og_site_name":"GP asociados - Estudio jur\u00eddico","article_modified_time":"2024-05-10T16:57:05+00:00","og_image":[{"url":"https:\/\/gpasociados.cl\/wp-content\/uploads\/2024\/05\/andreea-popa-tmEUmG9K2r0-unsplash-1638x2048-1.png","type":"","width":"","height":""}],"twitter_card":"summary_large_image","twitter_misc":{"Tiempo estimado de lectura":"2 minutos"},"schema":{"@context":"https:\/\/schema.org","@graph":[{"@type":"WebPage","@id":"https:\/\/gpasociados.cl\/index.php\/interdiccion-por-demencia\/","url":"https:\/\/gpasociados.cl\/index.php\/interdiccion-por-demencia\/","name":"Interdicci\u00f3n por Demencia - GP asociados - Estudio jur\u00eddico","isPartOf":{"@id":"https:\/\/gpasociados.cl\/#website"},"primaryImageOfPage":{"@id":"https:\/\/gpasociados.cl\/index.php\/interdiccion-por-demencia\/#primaryimage"},"image":{"@id":"https:\/\/gpasociados.cl\/index.php\/interdiccion-por-demencia\/#primaryimage"},"thumbnailUrl":"https:\/\/gpasociados.cl\/wp-content\/uploads\/2024\/05\/andreea-popa-tmEUmG9K2r0-unsplash-1638x2048-1.png","datePublished":"2024-05-10T16:34:35+00:00","dateModified":"2024-05-10T16:57:05+00:00","breadcrumb":{"@id":"https:\/\/gpasociados.cl\/index.php\/interdiccion-por-demencia\/#breadcrumb"},"inLanguage":"es-CL","potentialAction":[{"@type":"ReadAction","target":["https:\/\/gpasociados.cl\/index.php\/interdiccion-por-demencia\/"]}]},{"@type":"ImageObject","inLanguage":"es-CL","@id":"https:\/\/gpasociados.cl\/index.php\/interdiccion-por-demencia\/#primaryimage","url":"https:\/\/gpasociados.cl\/wp-content\/uploads\/2024\/05\/andreea-popa-tmEUmG9K2r0-unsplash-1638x2048-1.png","contentUrl":"https:\/\/gpasociados.cl\/wp-content\/uploads\/2024\/05\/andreea-popa-tmEUmG9K2r0-unsplash-1638x2048-1.png","width":1638,"height":843},{"@type":"BreadcrumbList","@id":"https:\/\/gpasociados.cl\/index.php\/interdiccion-por-demencia\/#breadcrumb","itemListElement":[{"@type":"ListItem","position":1,"name":"Portada","item":"https:\/\/gpasociados.cl\/"},{"@type":"ListItem","position":2,"name":"Interdicci\u00f3n por Demencia"}]},{"@type":"WebSite","@id":"https:\/\/gpasociados.cl\/#website","url":"https:\/\/gpasociados.cl\/","name":"GP asociados - Estudio jur\u00eddico","description":"","publisher":{"@id":"https:\/\/gpasociados.cl\/#organization"},"potentialAction":[{"@type":"SearchAction","target":{"@type":"EntryPoint","urlTemplate":"https:\/\/gpasociados.cl\/?s={search_term_string}"},"query-input":{"@type":"PropertyValueSpecification","valueRequired":true,"valueName":"search_term_string"}}],"inLanguage":"es-CL"},{"@type":"Organization","@id":"https:\/\/gpasociados.cl\/#organization","name":"GP asociados - Estudio jur\u00eddico","url":"https:\/\/gpasociados.cl\/","logo":{"@type":"ImageObject","inLanguage":"es-CL","@id":"https:\/\/gpasociados.cl\/#\/schema\/logo\/image\/","url":"https:\/\/gpasociados.cl\/wp-content\/uploads\/2024\/05\/cropped-cropped-GP-Asociados-900300-224x75-1.png","contentUrl":"https:\/\/gpasociados.cl\/wp-content\/uploads\/2024\/05\/cropped-cropped-GP-Asociados-900300-224x75-1.png","width":224,"height":74,"caption":"GP asociados - Estudio jur\u00eddico"},"image":{"@id":"https:\/\/gpasociados.cl\/#\/schema\/logo\/image\/"}}]}},"_links":{"self":[{"href":"https:\/\/gpasociados.cl\/index.php\/wp-json\/wp\/v2\/pages\/1105","targetHints":{"allow":["GET"]}}],"collection":[{"href":"https:\/\/gpasociados.cl\/index.php\/wp-json\/wp\/v2\/pages"}],"about":[{"href":"https:\/\/gpasociados.cl\/index.php\/wp-json\/wp\/v2\/types\/page"}],"author":[{"embeddable":true,"href":"https:\/\/gpasociados.cl\/index.php\/wp-json\/wp\/v2\/users\/1"}],"replies":[{"embeddable":true,"href":"https:\/\/gpasociados.cl\/index.php\/wp-json\/wp\/v2\/comments?post=1105"}],"version-history":[{"count":29,"href":"https:\/\/gpasociados.cl\/index.php\/wp-json\/wp\/v2\/pages\/1105\/revisions"}],"predecessor-version":[{"id":1152,"href":"https:\/\/gpasociados.cl\/index.php\/wp-json\/wp\/v2\/pages\/1105\/revisions\/1152"}],"wp:attachment":[{"href":"https:\/\/gpasociados.cl\/index.php\/wp-json\/wp\/v2\/media?parent=1105"}],"curies":[{"name":"wp","href":"https:\/\/api.w.org\/{rel}","templated":true}]}}